{"id":11848,"date":"2019-07-24T10:36:08","date_gmt":"2019-07-24T10:36:08","guid":{"rendered":"https:\/\/www.fsyc.org\/cuidarnet\/?page_id=11848"},"modified":"2019-09-08T17:50:20","modified_gmt":"2019-09-08T17:50:20","slug":"1-la-proteccion-juridica-para-mayores-dependientes-y-sus-cuidadoras","status":"publish","type":"page","link":"https:\/\/www.fsyc.org\/cuidarnet\/temario-cuidar-al-que-cuida\/1-la-proteccion-juridica-para-mayores-dependientes-y-sus-cuidadoras\/","title":{"rendered":"1 &#8211; La protecci\u00f3n jur\u00eddica para mayores dependientes y sus cuidadores\/as"},"content":{"rendered":"<p><div class=\"fusion-fullwidth fullwidth-box fusion-builder-row-1 titulo-pagina-container hundred-percent-fullwidth non-hundred-percent-height-scrolling fusion-equal-height-columns\" style=\"--awb-background-position:left top;--awb-border-radius-top-left:0px;--awb-border-radius-top-right:0px;--awb-border-radius-bottom-right:0px;--awb-border-radius-bottom-left:0px;--awb-padding-top:0px;--awb-padding-right:0px;--awb-padding-bottom:0px;--awb-padding-left:0px;--awb-margin-bottom:55px;--awb-background-color:#0cb3ac;--awb-flex-wrap:wrap;\" ><div class=\"fusion-builder-row fusion-row\"><div class=\"fusion-layout-column fusion_builder_column fusion-builder-column-0 fusion_builder_column_1_1 1_1 fusion-one-full fusion-column-first fusion-column-last fusion-column-no-min-height\" style=\"--awb-bg-size:cover;--awb-margin-bottom:0px;\"><div class=\"fusion-column-wrapper fusion-column-has-shadow fusion-flex-column-wrapper-legacy\"><div class=\"fusion-text fusion-text-1 home-capitulo-franja-modulo\"><p>M\u00f3dulo I<\/p>\n<\/div><div class=\"fusion-clearfix\"><\/div><\/div><\/div><div class=\"fusion-layout-column fusion_builder_column fusion-builder-column-1 fusion_builder_column_1_3 1_3 fusion-one-third fusion-column-first\" style=\"--awb-padding-top:30px;--awb-padding-right:30px;--awb-padding-bottom:0px;--awb-padding-left:30px;--awb-bg-color:#1e807a;--awb-bg-color-hover:#1e807a;--awb-bg-size:cover;--awb-margin-bottom:0px;width:33.333333333333%;width:calc(33.333333333333% - ( ( 4% ) * 0.33333333333333 ) );margin-right: 4%;\"><div class=\"fusion-column-wrapper fusion-column-has-shadow fusion-flex-column-wrapper-legacy\"><div class=\"fusion-column-content-centered\"><div class=\"fusion-column-content\"><div class=\"fusion-image-element fusion-image-align-center in-legacy-container\" style=\"text-align:center;--awb-caption-title-font-family:var(--h2_typography-font-family);--awb-caption-title-font-weight:var(--h2_typography-font-weight);--awb-caption-title-font-style:var(--h2_typography-font-style);--awb-caption-title-size:var(--h2_typography-font-size);--awb-caption-title-transform:var(--h2_typography-text-transform);--awb-caption-title-line-height:var(--h2_typography-line-height);--awb-caption-title-letter-spacing:var(--h2_typography-letter-spacing);\"><div class=\"imageframe-align-center\"><span class=\" fusion-imageframe imageframe-none imageframe-1 hover-type-none fusion-animated\" data-animationType=\"slideInLeft\" data-animationDuration=\"0.3\" data-animationOffset=\"top-into-view\"><img decoding=\"async\" width=\"550\" height=\"450\" title=\"capitulo1-header-bg\" src=\"https:\/\/www.fsyc.org\/cuidarnet\/archivos\/capitulo1-header-bg.png\" alt class=\"img-responsive wp-image-11897\" srcset=\"https:\/\/www.fsyc.org\/cuidarnet\/archivos\/capitulo1-header-bg-200x164.png 200w, https:\/\/www.fsyc.org\/cuidarnet\/archivos\/capitulo1-header-bg-400x327.png 400w, https:\/\/www.fsyc.org\/cuidarnet\/archivos\/capitulo1-header-bg.png 550w\" sizes=\"(max-width: 960px) 100vw, 400px\" \/><\/span><\/div><\/div><\/div><\/div><div class=\"fusion-clearfix\"><\/div><\/div><\/div><div class=\"fusion-layout-column fusion_builder_column fusion-builder-column-2 fusion_builder_column_2_3 2_3 fusion-two-third fusion-column-last\" style=\"--awb-padding-right:30px;--awb-padding-left:30px;--awb-bg-size:cover;--awb-margin-bottom:0px;width:66.666666666667%;width:calc(66.666666666667% - ( ( 4% ) * 0.66666666666667 ) );\"><div class=\"fusion-column-wrapper fusion-column-has-shadow fusion-flex-column-wrapper-legacy\"><div class=\"fusion-column-content-centered\"><div class=\"fusion-column-content\"><div class=\"fusion-text fusion-text-2 numero-capitulo\"><p style=\"text-align: center;\">1<\/p>\n<\/div><div class=\"fusion-title title fusion-title-1 fusion-title-text fusion-title-size-one titulo-pagina width800\" style=\"--awb-text-color:#ffffff;--awb-margin-bottom:12px;\"><h1 class=\"fusion-title-heading title-heading-left fusion-responsive-typography-calculated\" style=\"margin:0;--fontSize:33;line-height:1.45;\">La protecci\u00f3n jur\u00eddica para mayores dependientes y sus cuidadores\/as<\/h1><span class=\"awb-title-spacer\"><\/span><div class=\"title-sep-container\"><div class=\"title-sep sep- sep-solid\" style=\"border-color:#e0dede;\"><\/div><\/div><\/div><div class=\"fusion-title title fusion-title-2 fusion-title-text fusion-title-size-five width800\" style=\"--awb-text-color:#ffffff;\"><h5 class=\"fusion-title-heading title-heading-left fusion-responsive-typography-calculated\" style=\"margin:0;--fontSize:20;--minFontSize:20;line-height:1.38;\">El marco jur\u00eddico e institucional: derechos y deberes de la persona cuidadora y de las mayores en situaci\u00f3n de dependencia.<\/h5><span class=\"awb-title-spacer\"><\/span><div class=\"title-sep-container\"><div class=\"title-sep sep- sep-solid\" style=\"border-color:#e0dede;\"><\/div><\/div><\/div><\/div><\/div><div class=\"fusion-clearfix\"><\/div><\/div><\/div><\/div><\/div><div class=\"fusion-fullwidth fullwidth-box fusion-builder-row-2 nonhundred-percent-fullwidth non-hundred-percent-height-scrolling\" style=\"--awb-border-radius-top-left:0px;--awb-border-radius-top-right:0px;--awb-border-radius-bottom-right:0px;--awb-border-radius-bottom-left:0px;--awb-flex-wrap:wrap;\" ><div class=\"fusion-builder-row fusion-row\"><div class=\"fusion-layout-column fusion_builder_column fusion-builder-column-3 fusion_builder_column_1_1 1_1 fusion-one-full fusion-column-first fusion-column-last\" style=\"--awb-bg-size:cover;\"><div class=\"fusion-column-wrapper fusion-column-has-shadow fusion-flex-column-wrapper-legacy\"><div class=\"fusion-text fusion-text-3\"><h1><strong>1.1 LA LEY DE DEPENDENCIA<\/strong><\/h1>\n<h2>\u00bfQu\u00e9 es?<\/h2>\n<p>En diciembre del a\u00f1o 2006, las Cortes Espa\u00f1olas aprobaron mediante la creaci\u00f3n de un sistema de alcance nacional: el <strong>Sistema de Autonom\u00eda y Atenci\u00f3n a la Dependencia (SAAD)<\/strong>. Esta Ley reconoce el derecho a los ciudadanos a la atenci\u00f3n de las necesidades derivadas de una situaci\u00f3n de dependencia bajo un contexto de promoci\u00f3n de la autonom\u00eda de cada usuario del sistema.<\/p>\n<\/div><div class=\"fusion-text fusion-text-4\"><h2>Servicios<\/h2>\n<\/div><div class=\"fusion-clearfix\"><\/div><\/div><\/div><div class=\"fusion-layout-column fusion_builder_column fusion-builder-column-4 fusion_builder_column_1_2 1_2 fusion-one-half fusion-column-first\" style=\"--awb-bg-size:cover;width:50%;width:calc(50% - ( ( 4% ) * 0.5 ) );margin-right: 4%;\"><div class=\"fusion-column-wrapper fusion-column-has-shadow fusion-flex-column-wrapper-legacy\"><div class=\"fusion-image-element fusion-image-align-center in-legacy-container\" style=\"text-align:center;--awb-caption-title-font-family:var(--h2_typography-font-family);--awb-caption-title-font-weight:var(--h2_typography-font-weight);--awb-caption-title-font-style:var(--h2_typography-font-style);--awb-caption-title-size:var(--h2_typography-font-size);--awb-caption-title-transform:var(--h2_typography-text-transform);--awb-caption-title-line-height:var(--h2_typography-line-height);--awb-caption-title-letter-spacing:var(--h2_typography-letter-spacing);\"><div class=\"imageframe-align-center\"><span class=\" fusion-imageframe imageframe-none imageframe-2 hover-type-none\"><img decoding=\"async\" width=\"900\" height=\"540\" title=\"capitulo1-servicios-1\" src=\"https:\/\/www.fsyc.org\/cuidarnet\/archivos\/capitulo1-servicios-1.jpg\" alt class=\"img-responsive wp-image-12367\" srcset=\"https:\/\/www.fsyc.org\/cuidarnet\/archivos\/capitulo1-servicios-1-200x120.jpg 200w, https:\/\/www.fsyc.org\/cuidarnet\/archivos\/capitulo1-servicios-1-400x240.jpg 400w, https:\/\/www.fsyc.org\/cuidarnet\/archivos\/capitulo1-servicios-1-600x360.jpg 600w, https:\/\/www.fsyc.org\/cuidarnet\/archivos\/capitulo1-servicios-1-800x480.jpg 800w, https:\/\/www.fsyc.org\/cuidarnet\/archivos\/capitulo1-servicios-1.jpg 900w\" sizes=\"(max-width: 960px) 100vw, 600px\" \/><\/span><\/div><\/div><div class=\"fusion-text fusion-text-5\"><p><strong>Servicio de prevenci\u00f3n de las situaciones de dependencia<\/strong> y promoci\u00f3n de la autonom\u00eda personal<\/p>\n<\/div><div class=\"fusion-clearfix\"><\/div><\/div><\/div><div class=\"fusion-layout-column fusion_builder_column fusion-builder-column-5 fusion_builder_column_1_2 1_2 fusion-one-half fusion-column-last\" style=\"--awb-bg-size:cover;width:50%;width:calc(50% - ( ( 4% ) * 0.5 ) );\"><div class=\"fusion-column-wrapper fusion-column-has-shadow fusion-flex-column-wrapper-legacy\"><div class=\"fusion-image-element fusion-image-align-center in-legacy-container\" style=\"text-align:center;--awb-caption-title-font-family:var(--h2_typography-font-family);--awb-caption-title-font-weight:var(--h2_typography-font-weight);--awb-caption-title-font-style:var(--h2_typography-font-style);--awb-caption-title-size:var(--h2_typography-font-size);--awb-caption-title-transform:var(--h2_typography-text-transform);--awb-caption-title-line-height:var(--h2_typography-line-height);--awb-caption-title-letter-spacing:var(--h2_typography-letter-spacing);\"><div class=\"imageframe-align-center\"><span class=\" fusion-imageframe imageframe-none imageframe-3 hover-type-none\"><img decoding=\"async\" width=\"900\" height=\"540\" title=\"capitulo1-servicios-2\" src=\"https:\/\/www.fsyc.org\/cuidarnet\/archivos\/capitulo1-servicios-2.jpg\" alt class=\"img-responsive wp-image-12368\" srcset=\"https:\/\/www.fsyc.org\/cuidarnet\/archivos\/capitulo1-servicios-2-200x120.jpg 200w, https:\/\/www.fsyc.org\/cuidarnet\/archivos\/capitulo1-servicios-2-400x240.jpg 400w, https:\/\/www.fsyc.org\/cuidarnet\/archivos\/capitulo1-servicios-2-600x360.jpg 600w, https:\/\/www.fsyc.org\/cuidarnet\/archivos\/capitulo1-servicios-2-800x480.jpg 800w, https:\/\/www.fsyc.org\/cuidarnet\/archivos\/capitulo1-servicios-2.jpg 900w\" sizes=\"(max-width: 960px) 100vw, 600px\" \/><\/span><\/div><\/div><div class=\"fusion-text fusion-text-6\"><p><strong>Servicio de Teleasistencia<\/strong><\/p>\n<\/div><div class=\"fusion-clearfix\"><\/div><\/div><\/div><div class=\"fusion-layout-column fusion_builder_column fusion-builder-column-6 fusion_builder_column_1_2 1_2 fusion-one-half fusion-column-first\" style=\"--awb-bg-size:cover;width:50%;width:calc(50% - ( ( 4% ) * 0.5 ) );margin-right: 4%;\"><div class=\"fusion-column-wrapper fusion-column-has-shadow fusion-flex-column-wrapper-legacy\"><div class=\"fusion-image-element fusion-image-align-center in-legacy-container\" style=\"text-align:center;--awb-caption-title-font-family:var(--h2_typography-font-family);--awb-caption-title-font-weight:var(--h2_typography-font-weight);--awb-caption-title-font-style:var(--h2_typography-font-style);--awb-caption-title-size:var(--h2_typography-font-size);--awb-caption-title-transform:var(--h2_typography-text-transform);--awb-caption-title-line-height:var(--h2_typography-line-height);--awb-caption-title-letter-spacing:var(--h2_typography-letter-spacing);\"><div class=\"imageframe-align-center\"><span class=\" fusion-imageframe imageframe-none imageframe-4 hover-type-none\"><img decoding=\"async\" width=\"900\" height=\"540\" title=\"capitulo1-servicios-3\" src=\"https:\/\/www.fsyc.org\/cuidarnet\/archivos\/capitulo1-servicios-3.jpg\" alt class=\"img-responsive wp-image-12369\" srcset=\"https:\/\/www.fsyc.org\/cuidarnet\/archivos\/capitulo1-servicios-3-200x120.jpg 200w, https:\/\/www.fsyc.org\/cuidarnet\/archivos\/capitulo1-servicios-3-400x240.jpg 400w, https:\/\/www.fsyc.org\/cuidarnet\/archivos\/capitulo1-servicios-3-600x360.jpg 600w, https:\/\/www.fsyc.org\/cuidarnet\/archivos\/capitulo1-servicios-3-800x480.jpg 800w, https:\/\/www.fsyc.org\/cuidarnet\/archivos\/capitulo1-servicios-3.jpg 900w\" sizes=\"(max-width: 960px) 100vw, 600px\" \/><\/span><\/div><\/div><div class=\"fusion-text fusion-text-7\"><p><strong>Servicio de Ayuda a domicilio<\/strong> (atenci\u00f3n de las necesidades del hogar y\/o cuidados personales)<\/p>\n<\/div><div class=\"fusion-clearfix\"><\/div><\/div><\/div><div class=\"fusion-layout-column fusion_builder_column fusion-builder-column-7 fusion_builder_column_1_2 1_2 fusion-one-half fusion-column-last\" style=\"--awb-bg-size:cover;width:50%;width:calc(50% - ( ( 4% ) * 0.5 ) );\"><div class=\"fusion-column-wrapper fusion-column-has-shadow fusion-flex-column-wrapper-legacy\"><div class=\"fusion-image-element fusion-image-align-center in-legacy-container\" style=\"text-align:center;--awb-caption-title-font-family:var(--h2_typography-font-family);--awb-caption-title-font-weight:var(--h2_typography-font-weight);--awb-caption-title-font-style:var(--h2_typography-font-style);--awb-caption-title-size:var(--h2_typography-font-size);--awb-caption-title-transform:var(--h2_typography-text-transform);--awb-caption-title-line-height:var(--h2_typography-line-height);--awb-caption-title-letter-spacing:var(--h2_typography-letter-spacing);\"><div class=\"imageframe-align-center\"><span class=\" fusion-imageframe imageframe-none imageframe-5 hover-type-none\"><img decoding=\"async\" width=\"900\" height=\"540\" title=\"capitulo1-servicios-4\" src=\"https:\/\/www.fsyc.org\/cuidarnet\/archivos\/capitulo1-servicios-4.jpg\" alt class=\"img-responsive wp-image-12370\" srcset=\"https:\/\/www.fsyc.org\/cuidarnet\/archivos\/capitulo1-servicios-4-200x120.jpg 200w, https:\/\/www.fsyc.org\/cuidarnet\/archivos\/capitulo1-servicios-4-400x240.jpg 400w, https:\/\/www.fsyc.org\/cuidarnet\/archivos\/capitulo1-servicios-4-600x360.jpg 600w, https:\/\/www.fsyc.org\/cuidarnet\/archivos\/capitulo1-servicios-4-800x480.jpg 800w, https:\/\/www.fsyc.org\/cuidarnet\/archivos\/capitulo1-servicios-4.jpg 900w\" sizes=\"(max-width: 960px) 100vw, 600px\" \/><\/span><\/div><\/div><div class=\"fusion-text fusion-text-8\"><p><strong>Centro de D\u00eda o Centro de Noche<\/strong><\/p>\n<\/div><div class=\"fusion-clearfix\"><\/div><\/div><\/div><div class=\"fusion-layout-column fusion_builder_column fusion-builder-column-8 fusion_builder_column_1_2 1_2 fusion-one-half fusion-column-first\" style=\"--awb-bg-size:cover;width:48%; margin-right: 4%;\"><div class=\"fusion-column-wrapper fusion-column-has-shadow fusion-flex-column-wrapper-legacy\"><div class=\"fusion-image-element fusion-image-align-center in-legacy-container\" style=\"text-align:center;--awb-caption-title-font-family:var(--h2_typography-font-family);--awb-caption-title-font-weight:var(--h2_typography-font-weight);--awb-caption-title-font-style:var(--h2_typography-font-style);--awb-caption-title-size:var(--h2_typography-font-size);--awb-caption-title-transform:var(--h2_typography-text-transform);--awb-caption-title-line-height:var(--h2_typography-line-height);--awb-caption-title-letter-spacing:var(--h2_typography-letter-spacing);\"><div class=\"imageframe-align-center\"><span class=\" fusion-imageframe imageframe-none imageframe-6 hover-type-none\"><img decoding=\"async\" width=\"900\" height=\"540\" title=\"capitulo1-servicios-5\" src=\"https:\/\/www.fsyc.org\/cuidarnet\/archivos\/capitulo1-servicios-5.jpg\" alt class=\"img-responsive wp-image-12366\" srcset=\"https:\/\/www.fsyc.org\/cuidarnet\/archivos\/capitulo1-servicios-5-200x120.jpg 200w, https:\/\/www.fsyc.org\/cuidarnet\/archivos\/capitulo1-servicios-5-400x240.jpg 400w, https:\/\/www.fsyc.org\/cuidarnet\/archivos\/capitulo1-servicios-5-600x360.jpg 600w, https:\/\/www.fsyc.org\/cuidarnet\/archivos\/capitulo1-servicios-5-800x480.jpg 800w, https:\/\/www.fsyc.org\/cuidarnet\/archivos\/capitulo1-servicios-5.jpg 900w\" sizes=\"(max-width: 960px) 100vw, 600px\" \/><\/span><\/div><\/div><div class=\"fusion-text fusion-text-9\"><p>Servicio de Atenci\u00f3n Residencial<\/p>\n<\/div><div class=\"fusion-clearfix\"><\/div><\/div><\/div><div class=\"fusion-layout-column fusion_builder_column fusion-builder-column-9 fusion_builder_column_1_1 1_1 fusion-one-full fusion-column-last\" style=\"--awb-bg-size:cover;\"><div class=\"fusion-column-wrapper fusion-column-has-shadow fusion-flex-column-wrapper-legacy\"><div class=\"fusion-text fusion-text-10\"><h2>Prestaciones<\/h2>\n<\/div><div class=\"fusion-clearfix\"><\/div><\/div><\/div><div class=\"fusion-layout-column fusion_builder_column fusion-builder-column-10 fusion_builder_column_1_2 1_2 fusion-one-half fusion-column-first\" style=\"--awb-bg-size:cover;width:50%;width:calc(50% - ( ( 4% ) * 0.5 ) );margin-right: 4%;\"><div class=\"fusion-column-wrapper fusion-column-has-shadow fusion-flex-column-wrapper-legacy\"><div class=\"fusion-image-element fusion-image-align-center in-legacy-container\" style=\"text-align:center;--awb-caption-title-font-family:var(--h2_typography-font-family);--awb-caption-title-font-weight:var(--h2_typography-font-weight);--awb-caption-title-font-style:var(--h2_typography-font-style);--awb-caption-title-size:var(--h2_typography-font-size);--awb-caption-title-transform:var(--h2_typography-text-transform);--awb-caption-title-line-height:var(--h2_typography-line-height);--awb-caption-title-letter-spacing:var(--h2_typography-letter-spacing);\"><div class=\"imageframe-align-center\"><span class=\" fusion-imageframe imageframe-none imageframe-7 hover-type-none\"><img decoding=\"async\" width=\"900\" height=\"540\" title=\"capitulo4-cama-articulada\" src=\"https:\/\/www.fsyc.org\/cuidarnet\/archivos\/capitulo4-cama-articulada.jpg\" alt class=\"img-responsive wp-image-12319\" srcset=\"https:\/\/www.fsyc.org\/cuidarnet\/archivos\/capitulo4-cama-articulada-200x120.jpg 200w, https:\/\/www.fsyc.org\/cuidarnet\/archivos\/capitulo4-cama-articulada-400x240.jpg 400w, https:\/\/www.fsyc.org\/cuidarnet\/archivos\/capitulo4-cama-articulada-600x360.jpg 600w, https:\/\/www.fsyc.org\/cuidarnet\/archivos\/capitulo4-cama-articulada-800x480.jpg 800w, https:\/\/www.fsyc.org\/cuidarnet\/archivos\/capitulo4-cama-articulada.jpg 900w\" sizes=\"(max-width: 960px) 100vw, 600px\" \/><\/span><\/div><\/div><div class=\"fusion-text fusion-text-11\"><p>Prestaci\u00f3n econ\u00f3mica para <strong>cuidados dentro del entorno familiar<\/strong><\/p>\n<\/div><div class=\"fusion-clearfix\"><\/div><\/div><\/div><div class=\"fusion-layout-column fusion_builder_column fusion-builder-column-11 fusion_builder_column_1_2 1_2 fusion-one-half fusion-column-last\" style=\"--awb-bg-size:cover;width:50%;width:calc(50% - ( ( 4% ) * 0.5 ) );\"><div class=\"fusion-column-wrapper fusion-column-has-shadow fusion-flex-column-wrapper-legacy\"><div class=\"fusion-image-element fusion-image-align-center in-legacy-container\" style=\"text-align:center;--awb-caption-title-font-family:var(--h2_typography-font-family);--awb-caption-title-font-weight:var(--h2_typography-font-weight);--awb-caption-title-font-style:var(--h2_typography-font-style);--awb-caption-title-size:var(--h2_typography-font-size);--awb-caption-title-transform:var(--h2_typography-text-transform);--awb-caption-title-line-height:var(--h2_typography-line-height);--awb-caption-title-letter-spacing:var(--h2_typography-letter-spacing);\"><div class=\"imageframe-align-center\"><span class=\" fusion-imageframe imageframe-none imageframe-8 hover-type-none\"><img decoding=\"async\" width=\"900\" height=\"540\" title=\"capitulo1-prestaciones-3\" src=\"https:\/\/www.fsyc.org\/cuidarnet\/archivos\/capitulo1-prestaciones-3.jpg\" alt class=\"img-responsive wp-image-12371\" srcset=\"https:\/\/www.fsyc.org\/cuidarnet\/archivos\/capitulo1-prestaciones-3-200x120.jpg 200w, https:\/\/www.fsyc.org\/cuidarnet\/archivos\/capitulo1-prestaciones-3-400x240.jpg 400w, https:\/\/www.fsyc.org\/cuidarnet\/archivos\/capitulo1-prestaciones-3-600x360.jpg 600w, https:\/\/www.fsyc.org\/cuidarnet\/archivos\/capitulo1-prestaciones-3-800x480.jpg 800w, https:\/\/www.fsyc.org\/cuidarnet\/archivos\/capitulo1-prestaciones-3.jpg 900w\" sizes=\"(max-width: 960px) 100vw, 600px\" \/><\/span><\/div><\/div><div class=\"fusion-text fusion-text-12\"><p>Prestaci\u00f3n econ\u00f3mica para la<strong> contrataci\u00f3n de un servicio que no puede proveer la red p\u00fablica o concertada<\/strong><\/p>\n<\/div><div class=\"fusion-clearfix\"><\/div><\/div><\/div><div class=\"fusion-layout-column fusion_builder_column fusion-builder-column-12 fusion_builder_column_1_2 1_2 fusion-one-half fusion-column-first\" style=\"--awb-bg-size:cover;width:48%; margin-right: 4%;\"><div class=\"fusion-column-wrapper fusion-column-has-shadow fusion-flex-column-wrapper-legacy\"><div class=\"fusion-image-element fusion-image-align-center in-legacy-container\" style=\"text-align:center;--awb-caption-title-font-family:var(--h2_typography-font-family);--awb-caption-title-font-weight:var(--h2_typography-font-weight);--awb-caption-title-font-style:var(--h2_typography-font-style);--awb-caption-title-size:var(--h2_typography-font-size);--awb-caption-title-transform:var(--h2_typography-text-transform);--awb-caption-title-line-height:var(--h2_typography-line-height);--awb-caption-title-letter-spacing:var(--h2_typography-letter-spacing);\"><div class=\"imageframe-align-center\"><span class=\" fusion-imageframe imageframe-none imageframe-9 hover-type-none\"><img decoding=\"async\" width=\"900\" height=\"540\" title=\"capitulo9-vinculacion\" src=\"https:\/\/www.fsyc.org\/cuidarnet\/archivos\/capitulo9-vinculacion.jpg\" alt class=\"img-responsive wp-image-12334\" srcset=\"https:\/\/www.fsyc.org\/cuidarnet\/archivos\/capitulo9-vinculacion-200x120.jpg 200w, https:\/\/www.fsyc.org\/cuidarnet\/archivos\/capitulo9-vinculacion-400x240.jpg 400w, https:\/\/www.fsyc.org\/cuidarnet\/archivos\/capitulo9-vinculacion-600x360.jpg 600w, https:\/\/www.fsyc.org\/cuidarnet\/archivos\/capitulo9-vinculacion-800x480.jpg 800w, https:\/\/www.fsyc.org\/cuidarnet\/archivos\/capitulo9-vinculacion.jpg 900w\" sizes=\"(max-width: 960px) 100vw, 600px\" \/><\/span><\/div><\/div><div class=\"fusion-text fusion-text-13\"><p>Prestaci\u00f3n de ayuda econ\u00f3mica para la <strong>contrataci\u00f3n de un asistente personal<\/strong><\/p>\n<\/div><div class=\"fusion-clearfix\"><\/div><\/div><\/div><div class=\"fusion-layout-column fusion_builder_column fusion-builder-column-13 fusion_builder_column_1_1 1_1 fusion-one-full fusion-column-last\" style=\"--awb-bg-size:cover;\"><div class=\"fusion-column-wrapper fusion-column-has-shadow fusion-flex-column-wrapper-legacy\"><div class=\"fusion-text fusion-text-14\"><h2>\u00bfC\u00f3mo acceder al SAAD?<\/h2>\n<p>Se debe solicitar la valoraci\u00f3n del grado de dependencia de la persona. Para saber m\u00e1s visita: <a href=\"https:\/\/www.imserso.es\/imserso_01\/autonomia_personal_dependencia\/saad\/preguntas_frecuentes\/reconocimiento_situacion_dependencia\/index.htm\" target=\"_blank\" rel=\"noopener noreferrer\">Tramitaci\u00f3n del SAAD<\/a><\/p>\n<\/div><div class=\"fusion-alignleft\"><a class=\"fusion-button button-flat button-large button-custom fusion-button-default button-1 fusion-button-default-span \" style=\"--button_accent_color:rgba(255,255,255,.8);--button_accent_hover_color:rgba(255,255,255,.9);--button_border_hover_color:rgba(255,255,255,.9);--button-border-radius-top-left:0px;--button-border-radius-top-right:0px;--button-border-radius-bottom-right:0px;--button-border-radius-bottom-left:0px;--button_gradient_top_color:#0cb3ac;--button_gradient_bottom_color:#0cb3ac;--button_gradient_top_color_hover:#1e807a;--button_gradient_bottom_color_hover:#1e807a;--button_text_transform:uppercase;\" target=\"_blank\" rel=\"noopener noreferrer\" href=\"https:\/\/www.imserso.es\/imserso_01\/autonomia_personal_dependencia\/saad\/preguntas_frecuentes\/reconocimiento_situacion_dependencia\/index.htm\"><span class=\"fusion-button-text\">Tramitaci\u00f3n del SAAD<\/span><i class=\"fa-angle-right fas button-icon-right\" aria-hidden=\"true\"><\/i><\/a><\/div><div class=\"fusion-clearfix\"><\/div><\/div><\/div><\/div><\/div><div class=\"fusion-fullwidth fullwidth-box fusion-builder-row-3 nonhundred-percent-fullwidth non-hundred-percent-height-scrolling fusion-equal-height-columns\" style=\"--awb-border-radius-top-left:0px;--awb-border-radius-top-right:0px;--awb-border-radius-bottom-right:0px;--awb-border-radius-bottom-left:0px;--awb-flex-wrap:wrap;\" ><div class=\"fusion-builder-row fusion-row\"><div class=\"fusion-layout-column fusion_builder_column fusion-builder-column-14 fusion_builder_column_1_1 1_1 fusion-one-full fusion-column-first fusion-column-last fusion-column-no-min-height\" style=\"--awb-bg-size:cover;\"><div class=\"fusion-column-wrapper fusion-column-has-shadow fusion-flex-column-wrapper-legacy\"><div class=\"fusion-text fusion-text-15\"><h1><strong>1.2 GRADOS DE DEPENDENCIA<\/strong><\/h1>\n<p>Los grados de dependencia que considera el Sistema son:<\/p>\n<\/div><div class=\"fusion-clearfix\"><\/div><\/div><\/div><div class=\"fusion-layout-column fusion_builder_column fusion-builder-column-15 fusion_builder_column_1_3 1_3 fusion-one-third fusion-column-first\" style=\"--awb-bg-color:#fbaf3f;--awb-bg-color-hover:#fbaf3f;--awb-bg-size:cover;width:33.333333333333%;width:calc(33.333333333333% - ( ( 4% + 4% ) * 0.33333333333333 ) );margin-right: 4%;\"><div class=\"fusion-column-wrapper fusion-column-has-shadow fusion-flex-column-wrapper-legacy\"><div class=\"fusion-text fusion-text-16 grados-dependencia \"><h2 style=\"text-align: center;\">\u200a<strong>Grado I<\/strong><\/h2>\n<p><strong>Dependencia moderada:<\/strong> cuando la persona necesita ayuda para realizar varias actividades b\u00e1sicas de la vida diaria, al menos una vez al d\u00eda o tiene necesidades de apoyo intermitente o limitado para su autonom\u00eda personal.<\/p>\n<\/div><div class=\"fusion-clearfix\"><\/div><\/div><\/div><div class=\"fusion-layout-column fusion_builder_column fusion-builder-column-16 fusion_builder_column_1_3 1_3 fusion-one-third\" style=\"--awb-bg-color:#f68b43;--awb-bg-color-hover:#f68b43;--awb-bg-size:cover;width:33.333333333333%;width:calc(33.333333333333% - ( ( 4% + 4% ) * 0.33333333333333 ) );margin-right: 4%;\"><div class=\"fusion-column-wrapper fusion-column-has-shadow fusion-flex-column-wrapper-legacy\"><div class=\"fusion-text fusion-text-17 grados-dependencia \"><h2 style=\"text-align: center;\">\u200a<strong>Grado II<\/strong><\/h2>\n<p><strong>Dependencia severa:<\/strong> cuando la persona necesita ayuda para realizar varias actividades b\u00e1sicas de la vida diaria dos o tres veces al d\u00eda, pero no requiere el apoyo permanente de un cuidador o tiene necesidades de apoyo extenso para su autonom\u00eda personal.<\/p>\n<\/div><div class=\"fusion-clearfix\"><\/div><\/div><\/div><div class=\"fusion-layout-column fusion_builder_column fusion-builder-column-17 fusion_builder_column_1_3 1_3 fusion-one-third fusion-column-last\" style=\"--awb-bg-color:#f15d45;--awb-bg-color-hover:#f15d45;--awb-bg-size:cover;width:33.333333333333%;width:calc(33.333333333333% - ( ( 4% + 4% ) * 0.33333333333333 ) );\"><div class=\"fusion-column-wrapper fusion-column-has-shadow fusion-flex-column-wrapper-legacy\"><div class=\"fusion-text fusion-text-18 grados-dependencia \"><h2 style=\"text-align: center;\">\u200a<strong>Grado III<\/strong><\/h2>\n<p><strong>Gran dependencia:<\/strong> cuando la persona necesita ayuda para realizar varias actividades b\u00e1sicas de la vida diaria varias veces al d\u00eda y, por su p\u00e9rdida total de autonom\u00eda f\u00edsica, mental, intelectual o sensorial, necesita el apoyo indispensable y continuo de otra persona o tiene necesidades de apoyo generalizado para su autonom\u00eda personal.<\/p>\n<\/div><div class=\"fusion-clearfix\"><\/div><\/div><\/div><\/div><\/div><div class=\"fusion-fullwidth fullwidth-box fusion-builder-row-4 nonhundred-percent-fullwidth non-hundred-percent-height-scrolling\" style=\"--awb-border-radius-top-left:0px;--awb-border-radius-top-right:0px;--awb-border-radius-bottom-right:0px;--awb-border-radius-bottom-left:0px;--awb-flex-wrap:wrap;\" ><div class=\"fusion-builder-row fusion-row\"><div class=\"fusion-layout-column fusion_builder_column fusion-builder-column-18 fusion_builder_column_1_1 1_1 fusion-one-full fusion-column-first fusion-column-last\" style=\"--awb-bg-size:cover;\"><div class=\"fusion-column-wrapper fusion-column-has-shadow fusion-flex-column-wrapper-legacy\"><div class=\"fusion-text fusion-text-19\"><h1><strong>1.3 LA TUTELA Y CURATELA <\/strong><\/h1>\n<p>El envejecimiento viene acompa\u00f1ado en ocasiones de un cierto declive cognitivo, por ello la Tutela y Curatela pueden proteger a la persona mayor en estas circunstancias. Para ello se debe acudir a los Juzgados de Primera Instancia que corresponda al domicilio donde resida la persona.<\/p>\n<p>A continuaci\u00f3n, te presentamos un resumen de las medidas de protecci\u00f3n jur\u00eddica en caso de demencia, discapacidad o enfermedad mental:<\/p>\n<\/div><div class=\"fusion-text fusion-text-20\"><h2>Curatela<\/h2>\n<p>La funci\u00f3n del curador\/a es <strong>asistir y complementar<\/strong> la capacidad de la persona en la realizaci\u00f3n de los actos que determine el juez. Se proporciona en caso de <strong>incapacidad parcial<\/strong> (la persona necesita de alguien que responda por ella en algunos aspectos de su vida).<\/p>\n<h2>Tutela<\/h2>\n<p>El\/la tutor\/a se har\u00e1 cargo de la persona y su bienestar personal, la administraci\u00f3n de sus bienes y el ejercicio de sus derechos. La representar\u00e1 en todos los aspectos de su vida. Se proporciona en caso de <strong>incapacidad total <\/strong>(la persona necesita de alguien que responda por ella en todos los aspectos de su vida).<\/p>\n<h2>Otros recursos<\/h2>\n<p>Si quieres saber sobre otras medicadas de protecci\u00f3n puedes acceder a la siguiente infograf\u00eda:<\/p>\n<\/div><div class=\"fusion-button-wrapper\"><a class=\"fusion-button button-flat button-large button-default fusion-button-default button-2 fusion-button-default-span \" style=\"--button-border-radius-top-left:0px;--button-border-radius-top-right:0px;--button-border-radius-bottom-right:0px;--button-border-radius-bottom-left:0px;--button_text_transform:uppercase;\" target=\"_blank\" rel=\"noopener noreferrer\" href=\"https:\/\/www.cruzroja.es\/principal\/documents\/1962259\/2172137\/MEDIDAS+PROTECCI\u00d3N+JURIDICA+AGOSTO+2018.png\/a9500074-186e-4b8f-d932-a7c781b96d7b?t=1533901042309\"><span class=\"fusion-button-text\">Ver infograf\u00eda<\/span><i class=\"fa-angle-right fas button-icon-right\" aria-hidden=\"true\"><\/i><\/a><\/div><div class=\"fusion-text fusion-text-21\"><h2>M\u00e1s informaci\u00f3n<\/h2>\n<\/div><ul style=\"--awb-size:18px;--awb-iconcolor:#0cb3ac;--awb-line-height:30.6px;--awb-icon-width:30.6px;--awb-icon-height:30.6px;--awb-icon-margin:12.6px;--awb-content-margin:43.2px;\" class=\"fusion-checklist fusion-checklist-1 fusion-checklist-default type-icons\"><li class=\"fusion-li-item\" style=\"\"><span class=\"icon-wrapper circle-no\"><i class=\"fusion-li-icon fa-angle-right fas\" aria-hidden=\"true\"><\/i><\/span><div class=\"fusion-li-item-content\">\n<p><strong>Tr\u00e1mites a seguir para la valoraci\u00f3n del Grado de Dependencia:<\/strong> <a href=\"http:\/\/www.dependencia.imserso.es\" target=\"_blank\" rel=\"noopener noreferrer\">http:\/\/www.dependencia.imserso.es<\/a><\/p>\n<\/div><\/li><li class=\"fusion-li-item\" style=\"\"><span class=\"icon-wrapper circle-no\"><i class=\"fusion-li-icon fa-angle-right fas\" aria-hidden=\"true\"><\/i><\/span><div class=\"fusion-li-item-content\">\n<p><strong>Protecci\u00f3n jur\u00eddica para las personas mayores en la Comunitat Valenciana:<\/strong> puedes consultar a la Direcci\u00f3n Territorial de Bienestar Social de tu municipio en <a href=\"http:\/\/www.inclusio.gva.es\/es\/contacta\" target=\"_blank\" rel=\"noopener noreferrer\">http:\/\/www.inclusio.gva.es\/es\/contacta<\/a><\/p>\n<\/div><\/li><\/ul><div class=\"fusion-clearfix\"><\/div><\/div><\/div><\/div><\/div><div class=\"fusion-fullwidth fullwidth-box fusion-builder-row-5 nonhundred-percent-fullwidth non-hundred-percent-height-scrolling\" style=\"--awb-border-radius-top-left:0px;--awb-border-radius-top-right:0px;--awb-border-radius-bottom-right:0px;--awb-border-radius-bottom-left:0px;--awb-flex-wrap:wrap;\" ><div class=\"fusion-builder-row fusion-row\"><div class=\"fusion-layout-column fusion_builder_column fusion-builder-column-19 fusion_builder_column_1_1 1_1 fusion-one-full fusion-column-first fusion-column-last\" style=\"--awb-bg-size:cover;\"><div class=\"fusion-column-wrapper fusion-column-has-shadow fusion-flex-column-wrapper-legacy\"><div class=\"fusion-alignright\"><a class=\"fusion-button button-flat button-large button-custom fusion-button-default button-3 fusion-button-default-span \" style=\"--button_accent_color:rgba(255,255,255,.8);--button_accent_hover_color:rgba(255,255,255,.9);--button_border_hover_color:rgba(255,255,255,.9);--button-border-radius-top-left:0px;--button-border-radius-top-right:0px;--button-border-radius-bottom-right:0px;--button-border-radius-bottom-left:0px;--button_gradient_top_color:#0cb3ac;--button_gradient_bottom_color:#0cb3ac;--button_gradient_top_color_hover:#1e807a;--button_gradient_bottom_color_hover:#1e807a;--button_text_transform:uppercase;\" target=\"_self\" href=\"https:\/\/www.fsyc.org\/cuidarnet\/temario-recursos-digitales\/2-el-burnout-o-sindrome-del-cuidador-quemado\/\"><span class=\"fusion-button-text\">Tema 2<\/span><i class=\"fa-angle-right fas button-icon-right\" aria-hidden=\"true\"><\/i><\/a><\/div><div class=\"fusion-clearfix\"><\/div><\/div><\/div><\/div><\/div><\/p>\n","protected":false},"excerpt":{"rendered":"","protected":false},"author":1,"featured_media":0,"parent":11845,"menu_order":0,"comment_status":"closed","ping_status":"closed","template":"100-width.php","meta":{"footnotes":""},"_links":{"self":[{"href":"https:\/\/www.fsyc.org\/cuidarnet\/wp-json\/wp\/v2\/pages\/11848"}],"collection":[{"href":"https:\/\/www.fsyc.org\/cuidarnet\/wp-json\/wp\/v2\/pages"}],"about":[{"href":"https:\/\/www.fsyc.org\/cuidarnet\/wp-json\/wp\/v2\/types\/page"}],"author":[{"embeddable":true,"href":"https:\/\/www.fsyc.org\/cuidarnet\/wp-json\/wp\/v2\/users\/1"}],"replies":[{"embeddable":true,"href":"https:\/\/www.fsyc.org\/cuidarnet\/wp-json\/wp\/v2\/comments?post=11848"}],"version-history":[{"count":49,"href":"https:\/\/www.fsyc.org\/cuidarnet\/wp-json\/wp\/v2\/pages\/11848\/revisions"}],"predecessor-version":[{"id":12374,"href":"https:\/\/www.fsyc.org\/cuidarnet\/wp-json\/wp\/v2\/pages\/11848\/revisions\/12374"}],"up":[{"embeddable":true,"href":"https:\/\/www.fsyc.org\/cuidarnet\/wp-json\/wp\/v2\/pages\/11845"}],"wp:attachment":[{"href":"https:\/\/www.fsyc.org\/cuidarnet\/wp-json\/wp\/v2\/media?parent=11848"}],"curies":[{"name":"wp","href":"https:\/\/api.w.org\/{rel}","templated":true}]}}